{"id":12100,"date":"2021-06-18T14:51:57","date_gmt":"2021-06-18T14:51:57","guid":{"rendered":"https:\/\/teamstone.eu\/loja\/?post_type=product&#038;p=12100"},"modified":"2021-06-18T15:16:52","modified_gmt":"2021-06-18T15:16:52","slug":"serviette-de-plage-coral-made-in-portugal-by-teamstone","status":"publish","type":"product","link":"https:\/\/teamstone.fr\/loja\/product\/serviette-de-plage-coral-made-in-portugal-by-teamstone\/","title":{"rendered":"Serviette de plage, Coral"},"content":{"rendered":"<p>[vc_row content_placement=&#8221;top&#8221;][vc_column][vc_column_text]<\/p>\n<p style=\"text-align: left;\">Serviette de plage en coton au toucher doux. Compact et polyvalent. Devant en velours imprim\u00e9 et le dos en \u00e9ponge. S\u00e8che rapidement et est facile \u00e0 transporter.<\/p>\n<p style=\"text-align: left;\">Offre Special!<br \/>\nSAC 100% \u00c9CO-RESPONSABLE, polyvalent (vous pouvez l&#8217;utiliser pour ranger vos affaires \u00e0 la plage). Il a \u00e9galement \u00e9t\u00e9 con\u00e7u pour rassembler toutes les chaussettes et les mettre dans la machine \u00e0 laver.<\/p>\n<p style=\"text-align: left;\">Nous vous recommandons de les laver avant leur utilisation. Les serviettes acqui\u00e8rent leur totale capacit\u00e9 d\u2019absorption apr\u00e8s leur premier lavage.<\/p>\n<p style=\"text-align: left;\">Garantie de contr\u00f4le de qualit\u00e9<br \/>\nFabriqu\u00e9 au Portugal<br \/>\nMade in Portugal<\/p>\n<p>[\/vc_column_text][vc_column_text]<\/p>\n<h5 style=\"text-align: center;\"><span style=\"color: #ff6600;\">Si ce produit est \u00e9puis\u00e9, pri\u00e8re de nous contacter par email <a style=\"color: #ff6600;\" href=\"mailto:info@teamstone.eu\"><span style=\"color: #003366;\">info@teamstone.eu<\/span><\/a><\/span><\/h5>\n<p>[\/vc_column_text][vc_column_text]<\/p>\n<h6><img loading=\"lazy\" class=\"alignnone wp-image-2914 size-full\" src=\"https:\/\/teamstone.eu\/loja\/wp-content\/uploads\/2017\/06\/reciclavel.png\" alt=\"\" width=\"50\" height=\"47\" \/><strong>Article recyclable; \u00e0 la \u201cfin de la vie&#8221; peut \u00eatre plac\u00e9 \u00e0 un point de collecte<\/strong>.<\/h6>\n<p>[\/vc_column_text][\/vc_column][\/vc_row][vc_row el_id=&#8221;tamanhos&#8221;][vc_column][vc_empty_space height=&#8221;60px&#8221;][vc_tta_accordion style=&#8221;modern&#8221; active_section=&#8221;non-existing number&#8221; collapsible_all=&#8221;true&#8221;][vc_tta_section title=&#8221;DETAILS&#8221; tab_id=&#8221;1524225399024-c7e87548-dfdd&#8221;][vc_column_text]<\/p>\n<div class=\"intro\">\n<p style=\"text-align: left;\">Coton, 420 gr\/m2<\/p>\n<p style=\"text-align: left;\">Serviette de Plage: 100&#215;160 cm<\/p>\n<p style=\"text-align: left;\">SOINS:<br \/>\nLaver \u00e0 30\u00b0C<br \/>\nNe pas utiliser de javel<br \/>\nS\u00e9cher en s\u00e8che-linge en utilisant le programme normal<\/p>\n<p style=\"text-align: left;\">Produit susceptible de porter de l\u00e9g\u00e8res variations de dimension.<\/p>\n<\/div>\n<div class=\"guide\">\n<p>&nbsp;<\/p>\n<\/div>\n<p>[\/vc_column_text][\/vc_tta_section][\/vc_tta_accordion][\/vc_column][\/vc_row][vc_row][vc_column][\/vc_column][\/vc_row]<\/p>\n","protected":false},"excerpt":{"rendered":"<p><strong>Serviette de plage en coton au toucher doux. Compact et polyvalent. Devant en velours imprim\u00e9 et le dos en \u00e9ponge. S\u00e8che rapidement et est facile \u00e0 transporter.<\/strong><\/p>\n<p><strong>Offre Special!<br \/>\nSAC 100% \u00c9CO-RESPONSABLE<br \/>\nMade in Portugal<\/strong><\/p>\n<h6><\/h6>\n","protected":false},"featured_media":12002,"comment_status":"open","ping_status":"closed","template":"","meta":[],"_links":{"self":[{"href":"https:\/\/teamstone.fr\/loja\/wp-json\/wp\/v2\/product\/12100"}],"collection":[{"href":"https:\/\/teamstone.fr\/loja\/wp-json\/wp\/v2\/product"}],"about":[{"href":"https:\/\/teamstone.fr\/loja\/wp-json\/wp\/v2\/types\/product"}],"replies":[{"embeddable":true,"href":"https:\/\/teamstone.fr\/loja\/wp-json\/wp\/v2\/comments?post=12100"}],"wp:featuredmedia":[{"embeddable":true,"href":"https:\/\/teamstone.fr\/loja\/wp-json\/wp\/v2\/media\/12002"}],"wp:attachment":[{"href":"https:\/\/teamstone.fr\/loja\/wp-json\/wp\/v2\/media?parent=12100"}],"curies":[{"name":"wp","href":"https:\/\/api.w.org\/{rel}","templated":true}]}}